{"id":9664,"date":"2021-04-27T22:36:23","date_gmt":"2021-04-27T20:36:23","guid":{"rendered":"http:\/\/steinerschule.ch\/?page_id=9664"},"modified":"2023-01-12T12:37:13","modified_gmt":"2023-01-12T11:37:13","slug":"allerlei","status":"publish","type":"page","link":"https:\/\/steinerschule.ch\/fr\/allerlei\/","title":{"rendered":"Toutes sortes de choses"},"content":{"rendered":"<p><\/p><div class=\"fusion-fullwidth fullwidth-box fusion-builder-row-1 nonhundred-percent-fullwidth non-hundred-percent-height-scrolling kopf\" style=\"--awb-border-radius-top-left:0px;--awb-border-radius-top-right:0px;--awb-border-radius-bottom-right:0px;--awb-border-radius-bottom-left:0px;--awb-padding-bottom:0px;--awb-margin-bottom:0px;--awb-flex-wrap:wrap;\"><div class=\"fusion-builder-row fusion-row\"><div class=\"fusion-layout-column fusion_builder_column fusion-builder-column-0 fusion_builder_column_1_1 1_1 fusion-one-full fusion-column-first fusion-column-last fusion-column-no-min-height\" style=\"--awb-bg-size:cover;\"><div class=\"fusion-column-wrapper fusion-flex-column-wrapper-legacy\"><div class=\"fusion-text fusion-text-1\"><h1 data-fontsize=\"72\" data-lineheight=\"100\">Aller\u00adlei<\/h1>\n<\/div><div class=\"fusion-clearfix\"><\/div><\/div><\/div><\/div><\/div><div class=\"fusion-fullwidth fullwidth-box fusion-builder-row-2 nonhundred-percent-fullwidth non-hundred-percent-height-scrolling\" style=\"--awb-border-radius-top-left:0px;--awb-border-radius-top-right:0px;--awb-border-radius-bottom-right:0px;--awb-border-radius-bottom-left:0px;--awb-padding-bottom:0px;--awb-flex-wrap:wrap;\"><div class=\"fusion-builder-row fusion-row\"><div class=\"fusion-layout-column fusion_builder_column fusion-builder-column-1 fusion_builder_column_4_5 4_5 fusion-four-fifth fusion-column-first fusion-column-no-min-height\" style=\"--awb-bg-size:cover;width:80%;width:calc(80% - ( ( 4% ) * 0.8 ) );margin-right: 4%;\"><div class=\"fusion-column-wrapper fusion-column-has-shadow fusion-flex-column-wrapper-legacy\"><div class=\"fusion-text fusion-text-2\"><p><strong><b class>Ukraine-Hilfe<\/b><\/strong><\/p>\n<\/div><div class=\"fusion-clearfix\"><\/div><\/div><\/div><div class=\"fusion-layout-column fusion_builder_column fusion-builder-column-2 fusion_builder_column_1_5 1_5 fusion-one-fifth fusion-column-last\" style=\"--awb-bg-size:cover;width:20%;width:calc(20% - ( ( 4% ) * 0.2 ) );\"><div class=\"fusion-column-wrapper fusion-column-has-shadow fusion-flex-column-wrapper-legacy\"><div class=\"fusion-button-wrapper\"><a class=\"fusion-button button-flat button-small button-default fusion-button-default button-1 fusion-button-default-span fusion-button-default-type\" target=\"_self\" href=\"https:\/\/steinerschule.ch\/fr\/?page_id=13692\"><span class=\"fusion-button-text awb-button__text awb-button__text--default\">Mehr <\/span><\/a><\/div><div class=\"fusion-clearfix\"><\/div><\/div><\/div><div class=\"fusion-layout-column fusion_builder_column fusion-builder-column-3 fusion_builder_column_1_1 1_1 fusion-one-full fusion-column-first fusion-column-last\" style=\"--awb-bg-size:cover;\"><div class=\"fusion-column-wrapper fusion-column-has-shadow fusion-flex-column-wrapper-legacy\"><div class=\"fusion-sep-clear\"><\/div><div class=\"fusion-separator fusion-clearfix\" style=\"float:left;margin-top:2%;margin-bottom:2%;width:100%;max-width:50%;\"><div class=\"fusion-separator-border sep-single sep-solid\" style=\"--awb-height:20px;--awb-amount:20px;border-color:#e0dede;border-top-width:2px;\"><\/div><\/div><div class=\"fusion-sep-clear\"><\/div><div class=\"fusion-clearfix\"><\/div><\/div><\/div><div class=\"fusion-layout-column fusion_builder_column fusion-builder-column-4 fusion_builder_column_4_5 4_5 fusion-four-fifth fusion-column-first fusion-column-no-min-height\" style=\"--awb-bg-size:cover;width:79.2%; margin-right: 4%;\"><div class=\"fusion-column-wrapper fusion-column-has-shadow fusion-flex-column-wrapper-legacy\"><div class=\"fusion-text fusion-text-3\"><p><strong><b class>Ist der Wunsch nach \u00ab&nbsp;Change&nbsp;\u00bb in den Rudolf Stei\u00adner Schu\u00adlen eine Not\u00adwen\u00addig\u00adkeit f\u00fcr das zuk\u00fcnf\u00adtige Wei\u00adter\u00adge\u00addei\u00adhen oder nur eine Kon\u00adzes\u00adsion an moder\u00adnis\u00adti\u00adschen Zeit\u00adgeist&nbsp;? Zwei Arti\u00adkel <span class=\"amp\">&amp;<\/span> ein Video\u00adbei\u00adtrag suchen nach Gr\u00fcn\u00adden und for\u00admu\u00adlie\u00adren Vorschl\u00e4ge&nbsp;:<\/b><\/strong><\/p>\n<\/div><div class=\"fusion-clearfix\"><\/div><\/div><\/div><div class=\"fusion-layout-column fusion_builder_column fusion-builder-column-5 fusion_builder_column_4_5 4_5 fusion-four-fifth fusion-column-first fusion-column-no-min-height\" style=\"--awb-bg-size:cover;width:80%;width:calc(80% - ( ( 4% ) * 0.8 ) );margin-right: 4%;\"><div class=\"fusion-column-wrapper fusion-column-has-shadow fusion-flex-column-wrapper-legacy\"><div class=\"fusion-text fusion-text-4\"><p>Michael See\u00adfried lei\u00adtet aus einer Umfrage \u00fcber Schu\u00adler\u00adfah\u00adrun\u00adgen w\u00e4h\u00adrend der Pan\u00adde\u00admie und aus der Beo\u00adbach\u00adtung der Ent\u00adwi\u00adck\u00adlung heu\u00adti\u00adger Schul\u00adkin\u00adder 11 Maxi\u00admen f\u00fcr die Schu\u00adlen&nbsp;ab.<\/p>\n<\/div><div class=\"fusion-clearfix\"><\/div><\/div><\/div><div class=\"fusion-layout-column fusion_builder_column fusion-builder-column-6 fusion_builder_column_1_5 1_5 fusion-one-fifth fusion-column-last\" style=\"--awb-bg-size:cover;width:20%;width:calc(20% - ( ( 4% ) * 0.2 ) );\"><div class=\"fusion-column-wrapper fusion-column-has-shadow fusion-flex-column-wrapper-legacy\"><div class=\"fusion-button-wrapper\"><a class=\"fusion-button button-flat button-small button-default fusion-button-default button-2 fusion-button-default-span fusion-button-default-type\" target=\"_blank\" rel=\"noopener noreferrer\" href=\"https:\/\/steinerschule.ch\/wp-content\/uploads\/2020\/11\/Corona-Studie-Seefried-Spektrum-RSS-ZH-Herbst-2020.pdf\"><span class=\"fusion-button-text awb-button__text awb-button__text--default\">Mehr <\/span><\/a><\/div><div class=\"fusion-clearfix\"><\/div><\/div><\/div><div class=\"fusion-layout-column fusion_builder_column fusion-builder-column-7 fusion_builder_column_4_5 4_5 fusion-four-fifth fusion-column-first fusion-column-no-min-height\" style=\"--awb-bg-size:cover;width:80%;width:calc(80% - ( ( 4% ) * 0.8 ) );margin-right: 4%;\"><div class=\"fusion-column-wrapper fusion-column-has-shadow fusion-flex-column-wrapper-legacy\"><div class=\"fusion-text fusion-text-5\"><p>Heinz Brod\u00adbeck zeigt, was jah\u00adre\u00adlange wis\u00adsen\u00adschaft\u00adliche For\u00adschun\u00adgen \u00fcbe\u00adreins\u00adtim\u00admend f\u00fcr die Wei\u00adte\u00adrent\u00adwi\u00adck\u00adlung der Stei\u00adner\u00adschu\u00adlen emp\u00adfeh\u00adlen und for\u00admu\u00adliert vier prio\u00adrit\u00e4re Aktions\u00adfel\u00adder. (Die dem Arti\u00adkel zugrunde lie\u00adgen\u00adden Ana\u00adly\u00adsen fin\u00adden sich als Folien\u00adpr\u00e4\u00adsen\u00adta\u00adtion unter dem Titel \u00ab&nbsp;Ent\u00adwi\u00adck\u00adlung\u00adsfel\u00adder f\u00fcr Wal\u00addorf\u00adschu\u00adlen und Rudolf Stei\u00adner Schu\u00adlen [Tri\u00adan\u00adgu\u00adla\u00adtionss\u00adtu\u00addie]\u00bb <a href=\"https:\/\/strathclyde.academia.edu\/HeinzBrodbeck\">hier<\/a>.)<\/p>\n<\/div><div class=\"fusion-clearfix\"><\/div><\/div><\/div><div class=\"fusion-layout-column fusion_builder_column fusion-builder-column-8 fusion_builder_column_1_5 1_5 fusion-one-fifth fusion-column-last\" style=\"--awb-bg-size:cover;width:20%;width:calc(20% - ( ( 4% ) * 0.2 ) );\"><div class=\"fusion-column-wrapper fusion-column-has-shadow fusion-flex-column-wrapper-legacy\"><div class=\"fusion-button-wrapper\"><a class=\"fusion-button button-flat button-small button-default fusion-button-default button-3 fusion-button-default-span fusion-button-default-type\" target=\"_blank\" rel=\"noopener noreferrer\" href=\"https:\/\/steinerschule.ch\/wp-content\/uploads\/2020\/11\/Aktionsfelder-Waldorfschulen-V-ACADEMIA-Nov-2020-Brodbeck.pdf\"><span class=\"fusion-button-text awb-button__text awb-button__text--default\">Mehr <\/span><\/a><\/div><div class=\"fusion-clearfix\"><\/div><\/div><\/div><div class=\"fusion-layout-column fusion_builder_column fusion-builder-column-9 fusion_builder_column_4_5 4_5 fusion-four-fifth fusion-column-first fusion-column-no-min-height\" style=\"--awb-bg-size:cover;width:80%;width:calc(80% - ( ( 4% ) * 0.8 ) );margin-right: 4%;\"><div class=\"fusion-column-wrapper fusion-column-has-shadow fusion-flex-column-wrapper-legacy\"><div class=\"fusion-text fusion-text-6\"><p>Johannes Kro\u00adne\u00adberg bes\u00adpricht die The\u00admen Zukunfts\u00adkr\u00e4fte, Ersch\u00f6p\u00adfung, Wel\u00adtin\u00adte\u00adresse und Ver\u00e4n\u00adde\u00adrung\u00adsans\u00e4tze f\u00fcr die Rudolf Stei\u00adner Schul\u00adbe\u00adwe\u00adgung \u2013 Video\u00advor\u00adtrag anl\u00e4ss\u00adlich der vir\u00adtuel\u00adlen Wei\u00adter\u00adbil\u00addung\u00adsta\u00adgung 2021 f\u00fcr Lehr\u00adper\u00adso\u00adnen, Eltern und andere an der Wal\u00addorfp\u00e4\u00adda\u00adgo\u00adgik Interessierte.<\/p>\n<\/div><div class=\"fusion-clearfix\"><\/div><\/div><\/div><div class=\"fusion-layout-column fusion_builder_column fusion-builder-column-10 fusion_builder_column_1_5 1_5 fusion-one-fifth fusion-column-last\" style=\"--awb-bg-size:cover;width:20%;width:calc(20% - ( ( 4% ) * 0.2 ) );\"><div class=\"fusion-column-wrapper fusion-column-has-shadow fusion-flex-column-wrapper-legacy\"><div class=\"fusion-button-wrapper\"><a class=\"fusion-button button-flat button-small button-default fusion-button-default button-4 fusion-button-default-span fusion-button-default-type\" target=\"_blank\" rel=\"noopener noreferrer\" href=\"http:\/\/vimeo.com\/user\/124680973\/folder\/3399983\"><span class=\"fusion-button-text awb-button__text awb-button__text--default\">Mehr <\/span><\/a><\/div><div class=\"fusion-clearfix\"><\/div><\/div><\/div><div class=\"fusion-layout-column fusion_builder_column fusion-builder-column-11 fusion_builder_column_1_1 1_1 fusion-one-full fusion-column-last\" style=\"--awb-bg-size:cover;\"><div class=\"fusion-column-wrapper fusion-column-has-shadow fusion-flex-column-wrapper-legacy\"><div class=\"fusion-sep-clear\"><\/div><div class=\"fusion-separator fusion-clearfix\" style=\"float:left;margin-top:2%;margin-bottom:2%;width:100%;max-width:50%;\"><div class=\"fusion-separator-border sep-single sep-solid\" style=\"--awb-height:20px;--awb-amount:20px;border-color:#e0dede;border-top-width:2px;\"><\/div><\/div><div class=\"fusion-sep-clear\"><\/div><div class=\"fusion-clearfix\"><\/div><\/div><\/div><div class=\"fusion-layout-column fusion_builder_column fusion-builder-column-12 fusion_builder_column_4_5 4_5 fusion-four-fifth fusion-column-first fusion-column-no-min-height\" style=\"--awb-bg-size:cover;width:79.2%; margin-right: 4%;\"><div class=\"fusion-column-wrapper fusion-column-has-shadow fusion-flex-column-wrapper-legacy\"><div class=\"fusion-text fusion-text-7\"><div class><span class><b class>F\u00fcr die Wirt\u00adschafts\u00adkunde in der Mittelschule<\/b><\/span><\/div>\n<\/div><div class=\"fusion-clearfix\"><\/div><\/div><\/div><div class=\"fusion-layout-column fusion_builder_column fusion-builder-column-13 fusion_builder_column_4_5 4_5 fusion-four-fifth fusion-column-first fusion-column-no-min-height\" style=\"--awb-bg-size:cover;width:80%;width:calc(80% - ( ( 4% ) * 0.8 ) );margin-right: 4%;\"><div class=\"fusion-column-wrapper fusion-column-has-shadow fusion-flex-column-wrapper-legacy\"><div class=\"fusion-text fusion-text-8\"><p><span class>Marc C. Theu\u00adrillat dis\u00adku\u00adtiert in sei\u00adnem Buch Voraus\u00adset\u00adzun\u00adgen und Wege f\u00fcr eine soli\u00adda\u00adrische Wirtschaft.<\/span><\/p>\n<\/div><div class=\"fusion-clearfix\"><\/div><\/div><\/div><div class=\"fusion-layout-column fusion_builder_column fusion-builder-column-14 fusion_builder_column_1_5 1_5 fusion-one-fifth fusion-column-last\" style=\"--awb-bg-size:cover;width:20%;width:calc(20% - ( ( 4% ) * 0.2 ) );\"><div class=\"fusion-column-wrapper fusion-column-has-shadow fusion-flex-column-wrapper-legacy\"><div class=\"fusion-button-wrapper\"><a class=\"fusion-button button-flat button-small button-default fusion-button-default button-5 fusion-button-default-span fusion-button-default-type\" target=\"_blank\" rel=\"noopener noreferrer\" href=\"https:\/\/steinerschule.ch\/wp-content\/uploads\/2022\/10\/Schulkreis_Herbst_2022_Brodbeck.pdf\"><span class=\"fusion-button-text awb-button__text awb-button__text--default\">Mehr <\/span><\/a><\/div><div class=\"fusion-clearfix\"><\/div><\/div><\/div><div class=\"fusion-layout-column fusion_builder_column fusion-builder-column-15 fusion_builder_column_1_1 1_1 fusion-one-full fusion-column-last\" style=\"--awb-bg-size:cover;\"><div class=\"fusion-column-wrapper fusion-column-has-shadow fusion-flex-column-wrapper-legacy\"><div class=\"fusion-sep-clear\"><\/div><div class=\"fusion-separator fusion-clearfix\" style=\"float:left;margin-top:2%;margin-bottom:2%;width:100%;max-width:50%;\"><div class=\"fusion-separator-border sep-single sep-solid\" style=\"--awb-height:20px;--awb-amount:20px;border-color:#e0dede;border-top-width:2px;\"><\/div><\/div><div class=\"fusion-sep-clear\"><\/div><div class=\"fusion-clearfix\"><\/div><\/div><\/div><div class=\"fusion-layout-column fusion_builder_column fusion-builder-column-16 fusion_builder_column_4_5 4_5 fusion-four-fifth fusion-column-first fusion-column-no-min-height\" style=\"--awb-bg-size:cover;width:79.2%; margin-right: 4%;\"><div class=\"fusion-column-wrapper fusion-column-has-shadow fusion-flex-column-wrapper-legacy\"><div class=\"fusion-text fusion-text-9\"><p><strong>Tage der offe\u00adnen&nbsp;T\u00fcr<\/strong><\/p>\n<\/div><div class=\"fusion-clearfix\"><\/div><\/div><\/div><div class=\"fusion-layout-column fusion_builder_column fusion-builder-column-17 fusion_builder_column_4_5 4_5 fusion-four-fifth fusion-column-last fusion-column-no-min-height\" style=\"--awb-bg-size:cover;\"><div class=\"fusion-column-wrapper fusion-column-has-shadow fusion-flex-column-wrapper-legacy\"><div class=\"fusion-text fusion-text-10\"><p>Viele Rudolf Stei\u00adner Schu\u00adlen f\u00fch\u00adren Besich\u00adti\u00adgung\u00adstage f\u00fcr Inter\u00ades\u00adsen\u00adten und Eltern durch. Die Schu\u00adlen \u00f6ff\u00adnen ihre Schul\u00adzim\u00admert\u00fc\u00adren und laden zum Mit\u00adver\u00adfol\u00adgen des Unter\u00adrichts ein. Oft wer\u00adden die Tage der offe\u00adnen T\u00fcr auch durch Vor\u00adtr\u00e4ge \u00fcber die Schule und ihre P\u00e4da\u00adgo\u00adgik erg\u00e4nzt. Die Tage der offe\u00adnen T\u00fcr wer\u00adden \u00fcbli\u00adcher\u00adweise in den ers\u00adten Mona\u00adten des Jahres durch\u00adgef\u00fchrt. Inter\u00ades\u00adsen\u00adten wird emp\u00adfoh\u00adlen, die <a href=\"https:\/\/steinerschule.ch\/fr\/localisation\/\">Web\u00adsei\u00adten der Schu\u00adlen<\/a> zu kon\u00adsul\u00adtie\u00adren oder sich tele\u00adfo\u00adnisch bei der Schule zu erkun\u00addi\u00adgen, wann die n\u00e4chste offene T\u00fcr stattfindet.<\/p>\n<\/div><div class=\"fusion-clearfix\"><\/div><\/div><\/div><div class=\"fusion-layout-column fusion_builder_column fusion-builder-column-18 fusion_builder_column_1_1 1_1 fusion-one-full fusion-column-first fusion-column-last\" style=\"--awb-bg-size:cover;\"><div class=\"fusion-column-wrapper fusion-column-has-shadow fusion-flex-column-wrapper-legacy\"><div class=\"fusion-sep-clear\"><\/div><div class=\"fusion-separator fusion-clearfix\" style=\"float:left;margin-top:2%;margin-bottom:2%;width:100%;max-width:50%;\"><div class=\"fusion-separator-border sep-single sep-solid\" style=\"--awb-height:20px;--awb-amount:20px;border-color:#e0dede;border-top-width:2px;\"><\/div><\/div><div class=\"fusion-sep-clear\"><\/div><div class=\"fusion-clearfix\"><\/div><\/div><\/div><div class=\"fusion-layout-column fusion_builder_column fusion-builder-column-19 fusion_builder_column_4_5 4_5 fusion-four-fifth fusion-column-first fusion-column-no-min-height\" style=\"--awb-bg-size:cover;width:79.2%; margin-right: 4%;\"><div class=\"fusion-column-wrapper fusion-column-has-shadow fusion-flex-column-wrapper-legacy\"><div class=\"fusion-text fusion-text-11\"><p><strong>Die Klas\u00adsen\u00adleh\u00adrer\u00adzeit an der Wal\u00addorf\u00adschule \u2013 Film\u00adma\u00adte\u00adrial f\u00fcr Leh\u00adrer\u00adbil\u00addung und Forschung<\/strong><\/p>\n<\/div><div class=\"fusion-clearfix\"><\/div><\/div><\/div><div class=\"fusion-layout-column fusion_builder_column fusion-builder-column-20 fusion_builder_column_4_5 4_5 fusion-four-fifth fusion-column-last fusion-column-no-min-height\" style=\"--awb-bg-size:cover;\"><div class=\"fusion-column-wrapper fusion-column-has-shadow fusion-flex-column-wrapper-legacy\"><div class=\"fusion-text fusion-text-12\"><p><span class>Die deutsch\/englische Film\u00adreihe ist ein Ange\u00adbot der P\u00e4da\u00adgo\u00adgi\u00adschen For\u00adschung\u00adss\u00adtelle, Stutt\u00adgart in Zusam\u00adme\u00adnar\u00adbeit mit der Fil\u00adme\u00adma\u00adche\u00adrin Maria Knilli, M\u00fcn\u00adchen. Sechs Filme bie\u00adten Ein\u00adblick in die kon\u00adti\u00adnuier\u00adliche Lern-Ent\u00adwi\u00adck\u00adlung der Sch\u00fc\u00adle\u00adrIn\u00adnen einer Klas\u00adsen\u00adge\u00admein\u00adschaft, von der 1. bis zur 8. Jahr\u00adgang\u00adss\u00adtufe. Sowohl die Kernf\u00e4\u00adcher Rechnen\/Mathematik, Formenzeichnen\/Geometrie, Schreiben\u2011, Lesenlernen\/Deutsch als auch k\u00fcnst\u00adle\u00adri\u00adscher Unter\u00adricht wie Mal\u00aden, Thea\u00adter und die Zeu\u00adgniss\u00adpr\u00fcche wer\u00adden gezeigt. Die Film\u00adreihe wen\u00addet sich an Dozen\u00adtIn\u00adnen und Stu\u00addie\u00adrende aller Hoch\u00adschu\u00adlen, sowie an Leh\u00adre\u00adrIn\u00adnen. Die Nut\u00adzung ist kostenlos.<\/span><\/p>\n<p><span class>Wei\u00adtere Infos hier &nbsp;&nbsp;<\/span><a class href=\"https:\/\/www.forschung-waldorf.de\/publikationen\/streaming-portal\/\" target=\"_blank\" rel=\"noopener noreferrer\">https:\/\/www.forschung-waldorf.de\/publikationen\/streaming-portal<\/a> und <a class href=\"http:\/\/www.guten-morgen-liebe-kinder.de\" target=\"_blank\" rel=\"noopener noreferrer\">http:\/\/www.guten-morgen-liebe-kinder.de<\/a>.<\/p>\n<\/div><div class=\"fusion-clearfix\"><\/div><\/div><\/div><div class=\"fusion-layout-column fusion_builder_column fusion-builder-column-21 fusion_builder_column_1_1 1_1 fusion-one-full fusion-column-first fusion-column-last\" style=\"--awb-bg-size:cover;\"><div class=\"fusion-column-wrapper fusion-column-has-shadow fusion-flex-column-wrapper-legacy\"><div class=\"fusion-sep-clear\"><\/div><div class=\"fusion-separator fusion-clearfix\" style=\"float:left;width:100%;max-width:50%;\"><div class=\"fusion-separator-border sep-single sep-solid\" style=\"--awb-height:20px;--awb-amount:20px;border-color:#e0dede;border-top-width:2px;\"><\/div><\/div><div class=\"fusion-sep-clear\"><\/div><div class=\"fusion-clearfix\"><\/div><\/div><\/div><\/div><\/div><div id=\"baccalaureate\" class=\"fusion-container-anchor\"><div class=\"fusion-fullwidth fullwidth-box fusion-builder-row-3 nonhundred-percent-fullwidth non-hundred-percent-height-scrolling\" style=\"--awb-border-radius-top-left:0px;--awb-border-radius-top-right:0px;--awb-border-radius-bottom-right:0px;--awb-border-radius-bottom-left:0px;--awb-padding-top:0px;--awb-padding-bottom:0px;--awb-flex-wrap:wrap;\"><div class=\"fusion-builder-row fusion-row\"><div class=\"fusion-layout-column fusion_builder_column fusion-builder-column-22 fusion_builder_column_4_5 4_5 fusion-four-fifth fusion-column-first fusion-column-no-min-height\" style=\"--awb-bg-size:cover;width:79.2%; margin-right: 4%;\"><div class=\"fusion-column-wrapper fusion-column-has-shadow fusion-flex-column-wrapper-legacy\"><div class=\"fusion-text fusion-text-13\"><p><strong><span class=\"caps\">IB<\/span>&nbsp;an Stei\u00adner\u00adschule in der Schweiz&nbsp;: Das Inter\u00adna\u00adtio\u00adnal Bac\u00adca\u00adlau\u00adreate (<span class=\"caps\">IB<\/span>) Diplo\u00adma ist ein mehrs\u00adpra\u00adchi\u00adger, inter\u00adna\u00adtio\u00adnal aner\u00adkann\u00adter Schulabschluss.<\/strong><\/p>\n<p>Er erm\u00f6\u00adglicht den Ein\u00adtritt in schwei\u00adze\u00adrische und ausl\u00e4n\u00addische Uni\u00adver\u00adsit\u00e4\u00adten. Zur\u00adzeit bie\u00adten einige Wal\u00addorf\u00adschu\u00adlen im Aus\u00adland, in der Schweiz die <a href=\"https:\/\/www.ib-matura.ch\/\" target=\"_blank\" rel=\"noopener noreferrer\">Rudolf Stei\u00adner Schule Lan\u00adgen\u00adthal<\/a> und die <a href=\"https:\/\/scuolasteiner-lugano.ch\/wp-content\/uploads\/2020\/05\/Rudolf-Steiner-School-of-Lugano-Origlio-IBDP-2020.pdf\" target=\"_blank\" rel=\"noopener noreferrer\">Scuo\u00adla Rudolf Stei\u00adner di Luga\u00adno in Ori\u00adglio<\/a> die\u00adsen Abschluss an. Mehr zum Inter\u00adna\u00adtio\u00adnal Bac\u00adca\u00adlau\u00adreate (<span class=\"caps\">IB<\/span>), <a href=\"https:\/\/steinerschule.ch\/wp-content\/uploads\/2019\/12\/Schulkreis_Winter_19_IB.pdf\">Schul\u00adkreis Win\u00adter 2019, 4\/2019.<\/a><\/p>\n<\/div><div class=\"fusion-clearfix\"><\/div><\/div><\/div><div class=\"fusion-layout-column fusion_builder_column fusion-builder-column-23 fusion_builder_column_4_5 4_5 fusion-four-fifth fusion-column-first fusion-column-no-min-height\" style=\"--awb-bg-size:cover;width:80%;width:calc(80% - ( ( 4% ) * 0.8 ) );margin-right: 4%;\"><div class=\"fusion-column-wrapper fusion-column-has-shadow fusion-flex-column-wrapper-legacy\"><div class=\"fusion-text fusion-text-14\"><p><span class>Arti\u00adkel&nbsp;: \u00ab&nbsp;<\/span><span class>Making a dif\u00adfe\u00adrence<\/span><span class>&nbsp;\u00bb \u2013<\/span><span class> Ans\u00adprache zum Jah\u00adre\u00adsab\u00adschluss\u00adfest und zur IB-Gra\u00addua\u00adtion Cere\u00admo\u00adny der Rudolf Stei\u00adner Schule Lan\u00adgen\u00adthal&nbsp;2019.<\/span><\/p>\n<\/div><div class=\"fusion-clearfix\"><\/div><\/div><\/div><div class=\"fusion-layout-column fusion_builder_column fusion-builder-column-24 fusion_builder_column_1_5 1_5 fusion-one-fifth fusion-column-last\" style=\"--awb-bg-size:cover;width:20%;width:calc(20% - ( ( 4% ) * 0.2 ) );\"><div class=\"fusion-column-wrapper fusion-column-has-shadow fusion-flex-column-wrapper-legacy\"><div class=\"fusion-button-wrapper\"><a class=\"fusion-button button-flat button-small button-default fusion-button-default button-6 fusion-button-default-span fusion-button-default-type\" target=\"_blank\" rel=\"noopener noreferrer\" href=\"http:\/\/steinerschule.ch\/wp-content\/uploads\/2019\/12\/Grusswort-Diplomfeier-fu\u0308r-ARGE-web-IB-RSS-Langenthal-20019.pdf\"><span class=\"fusion-button-text awb-button__text awb-button__text--default\">Mehr <\/span><\/a><\/div><div class=\"fusion-clearfix\"><\/div><\/div><\/div><div class=\"fusion-layout-column fusion_builder_column fusion-builder-column-25 fusion_builder_column_1_1 1_1 fusion-one-full fusion-column-last\" style=\"--awb-bg-size:cover;\"><div class=\"fusion-column-wrapper fusion-column-has-shadow fusion-flex-column-wrapper-legacy\"><div class=\"fusion-sep-clear\"><\/div><div class=\"fusion-separator fusion-clearfix\" style=\"float:left;margin-top:2%;margin-bottom:2%;width:100%;max-width:50%;\"><div class=\"fusion-separator-border sep-single sep-solid\" style=\"--awb-height:20px;--awb-amount:20px;border-color:#e0dede;border-top-width:2px;\"><\/div><\/div><div class=\"fusion-sep-clear\"><\/div><div class=\"fusion-clearfix\"><\/div><\/div><\/div><div class=\"fusion-layout-column fusion_builder_column fusion-builder-column-26 fusion_builder_column_4_5 4_5 fusion-four-fifth fusion-column-first fusion-column-no-min-height\" style=\"--awb-bg-size:cover;width:80%;width:calc(80% - ( ( 4% ) * 0.8 ) );margin-right: 4%;\"><div class=\"fusion-column-wrapper fusion-column-has-shadow fusion-flex-column-wrapper-legacy\"><div class=\"fusion-text fusion-text-15\"><p><strong><span class=\"caps\">RSS<\/span> Lau\u00adsanne&nbsp;: Kom\u00adbi\u00adnierte auto\u00addi\u00addak\u00adtische und beglei\u00adtete Vor\u00adbe\u00adrei\u00adtung auf die eidg. Maturit\u00e4t.<\/strong><\/p>\n<p>Die Rudolf Stei\u00adner Schule von Lau\u00adsanne bie\u00adtet eine v\u00f6l\u00adlig neuar\u00adtige Unterst\u00fct\u00adzung\u00adss\u00adtruk\u00adtur f\u00fcr Stu\u00addie\u00adrende, die sich auf die Eid\u00adgen\u00f6s\u00adsische Matu\u00adrit\u00e4ts\u00adpr\u00fc\u00adfung vor\u00adbe\u00adrei\u00adten wol\u00adlen und hei\u00dft Sch\u00fc\u00adle\u00adrin\u00adnen und Sch\u00fc\u00adler ab 18 Jah\u00adren will\u00adkom\u00admen, die moti\u00adviert sind, an einem Ort der gegen\u00adsei\u00adti\u00adgen Hilfe, des Wis\u00adsen\u00adsaus\u00adtauschs und der Ver\u00adnet\u00adzung selbst\u00e4n\u00addig zu arbei\u00adten. Von einer Fach\u00adper\u00adson lern\u00addi\u00addak\u00adtisch unterst\u00fctzt, tref\u00adfen sich die Stu\u00adden\u00adten ein\u00admal pro Woche in Grup\u00adpen, um Fort\u00adschritte und Schwie\u00adrig\u00adkei\u00adten beim auto\u00addi\u00addak\u00adti\u00adschen Ler\u00adnen zu bes\u00adpre\u00adchen. Durch ein w\u00f6chent\u00adliches Ein\u00adzel\u00adges\u00adpr\u00e4ch der Refe\u00adren\u00adten mit den Stu\u00addie\u00adren\u00adden wer\u00adden die Lernf\u00e4\u00adcher ver\u00adtieft und das Ler\u00adnen m\u00f6glichst auf die indi\u00advi\u00adduel\u00adlen Bed\u00fcrf\u00adnisse der ein\u00adzel\u00adnen Stu\u00addie\u00adren\u00adden angepasst.<br>\nRudolf Stei\u00adner Schule, Route de Bois-Genoud 36,1023 Cris\u00adsier, Tel.+41 21 648 01 11, <a href=\"http:\/\/www.ecolesteiner-lausanne.ch\/offre-pedagogique\/matu\/\">www.ecolesteiner-lausanne.ch\/offre-pedagogique\/matu<\/a>.<\/p>\n<\/div><div class=\"fusion-clearfix\"><\/div><\/div><\/div><div class=\"fusion-layout-column fusion_builder_column fusion-builder-column-27 fusion_builder_column_1_5 1_5 fusion-one-fifth fusion-column-last\" style=\"--awb-bg-size:cover;width:20%;width:calc(20% - ( ( 4% ) * 0.2 ) );\"><div class=\"fusion-column-wrapper fusion-column-has-shadow fusion-flex-column-wrapper-legacy\"><div class=\"fusion-button-wrapper\"><a class=\"fusion-button button-flat button-small button-default fusion-button-default button-7 fusion-button-default-span fusion-button-default-type\" target=\"_blank\" rel=\"noopener noreferrer\" href=\"http:\/\/steinerschule.ch\/wp-content\/uploads\/2020\/06\/Flyer-Matu-Ecole-Steiner2.pdf\"><span class=\"fusion-button-text awb-button__text awb-button__text--default\">Mehr <\/span><\/a><\/div><div class=\"fusion-clearfix\"><\/div><\/div><\/div><div class=\"fusion-layout-column fusion_builder_column fusion-builder-column-28 fusion_builder_column_1_1 1_1 fusion-one-full fusion-column-first fusion-column-last\" style=\"--awb-bg-size:cover;\"><div class=\"fusion-column-wrapper fusion-column-has-shadow fusion-flex-column-wrapper-legacy\"><div class=\"fusion-sep-clear\"><\/div><div class=\"fusion-separator fusion-clearfix\" style=\"float:left;margin-top:2%;margin-bottom:2%;width:100%;max-width:50%;\"><div class=\"fusion-separator-border sep-single sep-solid\" style=\"--awb-height:20px;--awb-amount:20px;border-color:#e0dede;border-top-width:2px;\"><\/div><\/div><div class=\"fusion-sep-clear\"><\/div><div class=\"fusion-clearfix\"><\/div><\/div><\/div><\/div><\/div><\/div><div class=\"fusion-fullwidth fullwidth-box fusion-builder-row-4 nonhundred-percent-fullwidth non-hundred-percent-height-scrolling\" style=\"--awb-border-radius-top-left:0px;--awb-border-radius-top-right:0px;--awb-border-radius-bottom-right:0px;--awb-border-radius-bottom-left:0px;--awb-padding-top:0px;--awb-padding-bottom:0px;--awb-flex-wrap:wrap;\"><div class=\"fusion-builder-row fusion-row\"><div class=\"fusion-layout-column fusion_builder_column fusion-builder-column-29 fusion_builder_column_4_5 4_5 fusion-four-fifth fusion-column-first fusion-column-no-min-height\" style=\"--awb-bg-size:cover;width:79.2%; margin-right: 4%;\"><div class=\"fusion-column-wrapper fusion-column-has-shadow fusion-flex-column-wrapper-legacy\"><div class=\"fusion-text fusion-text-16\"><p><strong>Anre\u00adgun\u00adgen zur medi\u00adta\u00adti\u00adven Ver\u00adtie\u00adfung ange\u00adsichts der aktuel\u00adlen Heraus\u00adfor\u00adde\u00adrun\u00adgen. Auf\u00adbauend auf den bes\u00adte\u00adhen\u00adden Grund\u00adla\u00adgen und mit Ein\u00adbe\u00adzug der aktuel\u00adlen Zeit\u00adlage unter der Coro\u00adna Pan\u00adde\u00admie stel\u00adlen Robert Tho\u00admas und Dr. Tho\u00admas St\u00f6\u00adck\u00adli hier prak\u00adtische Gedan\u00adken zur Ver\u00adtie\u00adfung des spi\u00adri\u00adtuel\u00adlen Kerns des Wal\u00addorf-Impulses vor.<\/strong><\/p>\n<\/div><div class=\"fusion-clearfix\"><\/div><\/div><\/div><div class=\"fusion-layout-column fusion_builder_column fusion-builder-column-30 fusion_builder_column_4_5 4_5 fusion-four-fifth fusion-column-last fusion-column-no-min-height\" style=\"--awb-bg-size:cover;\"><div class=\"fusion-column-wrapper fusion-column-has-shadow fusion-flex-column-wrapper-legacy\"><div class=\"fusion-text fusion-text-17\"><p><span class> \u00ab&nbsp;<\/span>Im natur\u00adwis\u00adsen\u00adschaft\u00adli\u00adchen Zei\u00adtal\u00adter, das um die Mitte des neun\u00adzehn\u00adten Jah\u00adrhun\u00adderts beginnt, glei\u00adtet die Kul\u00adtur\u00adbet\u00e4\u00adti\u00adgung der Men\u00adschen allm\u00e4h\u00adlich nicht nur in die unters\u00adten Gebiete der Natur, son\u00addern <i class>unter <\/i>die Natur hinun\u00adter. Die Tech\u00adnik wird Unter-Natur.&nbsp;\u00bb (Rudolf Stei\u00adner, <span class=\"caps\">GA<\/span>&nbsp;26)<\/p>\n<p><a href=\"https:\/\/steinerschule.ch\/wp-content\/uploads\/2020\/05\/Anregungen-zur-meditativen-Vertiefung.pdf\" target=\"_blank\" rel=\"noopener noreferrer\">Anre\u00adgun\u00adgen zur medi\u00adta\u00adti\u00adven Vertiefung<\/a><\/p>\n<p><a href=\"https:\/\/steinerschule.ch\/wp-content\/uploads\/2020\/05\/Suggestions-pour-un-approfondissemen-m\u00e9ditatif.pdf\" target=\"_blank\" rel=\"noopener noreferrer\">Sug\u00adges\u00adtions pour un appro\u00adfon\u00addis\u00adse\u00admen m\u00e9ditatif<\/a><\/p>\n<p><a href=\"https:\/\/steinerschule.ch\/wp-content\/uploads\/2020\/05\/Suggerimenti-per-lapprofondimento-meditativo.pdf\" target=\"_blank\" rel=\"noopener noreferrer\">Sug\u00adge\u00adri\u00admen\u00adti per l\u2019ap\u00adpro\u00adfon\u00addi\u00admen\u00adto meditativo<\/a><\/p>\n<\/div><div class=\"fusion-clearfix\"><\/div><\/div><\/div><div class=\"fusion-layout-column fusion_builder_column fusion-builder-column-31 fusion_builder_column_1_1 1_1 fusion-one-full fusion-column-first fusion-column-last\" style=\"--awb-bg-size:cover;\"><div class=\"fusion-column-wrapper fusion-column-has-shadow fusion-flex-column-wrapper-legacy\"><div class=\"fusion-sep-clear\"><\/div><div class=\"fusion-separator fusion-clearfix\" style=\"float:left;margin-top:2%;margin-bottom:2%;width:100%;max-width:50%;\"><div class=\"fusion-separator-border sep-single sep-solid\" style=\"--awb-height:20px;--awb-amount:20px;border-color:#e0dede;border-top-width:2px;\"><\/div><\/div><div class=\"fusion-sep-clear\"><\/div><div class=\"fusion-clearfix\"><\/div><\/div><\/div><div class=\"fusion-layout-column fusion_builder_column fusion-builder-column-32 fusion_builder_column_4_5 4_5 fusion-four-fifth fusion-column-first fusion-column-no-min-height\" style=\"--awb-bg-size:cover;width:79.2%; margin-right: 4%;\"><div class=\"fusion-column-wrapper fusion-column-has-shadow fusion-flex-column-wrapper-legacy\"><div class=\"fusion-text fusion-text-18\"><p><strong>Fachar\u00adti\u00adkel \u00fcber Schul\u00adfi\u00adnan\u00adzie\u00adrung und Selbstverwaltung<\/strong><\/p>\n<\/div><div class=\"fusion-clearfix\"><\/div><\/div><\/div><div class=\"fusion-layout-column fusion_builder_column fusion-builder-column-33 fusion_builder_column_4_5 4_5 fusion-four-fifth fusion-column-first fusion-column-no-min-height\" style=\"--awb-bg-size:cover;width:80%;width:calc(80% - ( ( 4% ) * 0.8 ) );margin-right: 4%;\"><div class=\"fusion-column-wrapper fusion-column-has-shadow fusion-flex-column-wrapper-legacy\"><div class=\"fusion-text fusion-text-19\"><p>Arti\u00adkel&nbsp;: <span class>\u00ab&nbsp;<\/span>Rudolf Stei\u00adner Schu\u00adlen und Geld \u2013 Ein ideelles Kon\u00adzept zur Finan\u00adzie\u00adrung von Wal\u00addorf\u00adschu\u00adlen<span class>&nbsp;\u00bb<\/span>.<\/p>\n<\/div><div class=\"fusion-clearfix\"><\/div><\/div><\/div><div class=\"fusion-layout-column fusion_builder_column fusion-builder-column-34 fusion_builder_column_1_5 1_5 fusion-one-fifth fusion-column-last\" style=\"--awb-bg-size:cover;width:20%;width:calc(20% - ( ( 4% ) * 0.2 ) );\"><div class=\"fusion-column-wrapper fusion-column-has-shadow fusion-flex-column-wrapper-legacy\"><div class=\"fusion-button-wrapper\"><a class=\"fusion-button button-flat button-small button-default fusion-button-default button-8 fusion-button-default-span fusion-button-default-type\" target=\"_blank\" rel=\"noopener noreferrer\" href=\"http:\/\/steinerschule.ch\/wp-content\/uploads\/2019\/12\/Waldorfschulen_und_Geldgeschafte.pdf\"><span class=\"fusion-button-text awb-button__text awb-button__text--default\">Mehr <\/span><\/a><\/div><div class=\"fusion-clearfix\"><\/div><\/div><\/div><div class=\"fusion-layout-column fusion_builder_column fusion-builder-column-35 fusion_builder_column_4_5 4_5 fusion-four-fifth fusion-column-first fusion-column-no-min-height\" style=\"--awb-bg-size:cover;width:80%;width:calc(80% - ( ( 4% ) * 0.8 ) );margin-right: 4%;\"><div class=\"fusion-column-wrapper fusion-column-has-shadow fusion-flex-column-wrapper-legacy\"><div class=\"fusion-text fusion-text-20\"><p>Arti\u00adkel&nbsp;: <span class>\u00ab&nbsp;<\/span>Wal\u00addor\u00adfleh\u00adrer&nbsp;: Hohe Arbeits\u00adzu\u00adfrie\u00adden\u00adheit trotz enor\u00admer Belas\u00adtun\u00adgen<span class>&nbsp;\u00bb.<\/span><\/p>\n<\/div><div class=\"fusion-clearfix\"><\/div><\/div><\/div><div class=\"fusion-layout-column fusion_builder_column fusion-builder-column-36 fusion_builder_column_1_5 1_5 fusion-one-fifth fusion-column-last\" style=\"--awb-bg-size:cover;width:20%;width:calc(20% - ( ( 4% ) * 0.2 ) );\"><div class=\"fusion-column-wrapper fusion-column-has-shadow fusion-flex-column-wrapper-legacy\"><div class=\"fusion-button-wrapper\"><a class=\"fusion-button button-flat button-small button-default fusion-button-default button-9 fusion-button-default-span fusion-button-default-type\" target=\"_blank\" rel=\"noopener noreferrer\" href=\"http:\/\/steinerschule.ch\/wp-content\/uploads\/2019\/12\/Rudolf_Steiner_Schulen_Waldorfschulen.pdf\"><span class=\"fusion-button-text awb-button__text awb-button__text--default\">Mehr <\/span><\/a><\/div><div class=\"fusion-clearfix\"><\/div><\/div><\/div><div class=\"fusion-layout-column fusion_builder_column fusion-builder-column-37 fusion_builder_column_4_5 4_5 fusion-four-fifth fusion-column-first fusion-column-no-min-height\" style=\"--awb-bg-size:cover;width:80%;width:calc(80% - ( ( 4% ) * 0.8 ) );margin-right: 4%;\"><div class=\"fusion-column-wrapper fusion-column-has-shadow fusion-flex-column-wrapper-legacy\"><div class=\"fusion-text fusion-text-21\"><p>Arti\u00adkel&nbsp;: <span class>\u00ab&nbsp;Selbst\u00adver\u00adwal\u00adtung<\/span><span class>&nbsp;\u00bb.<\/span><\/p>\n<\/div><div class=\"fusion-clearfix\"><\/div><\/div><\/div><div class=\"fusion-layout-column fusion_builder_column fusion-builder-column-38 fusion_builder_column_1_5 1_5 fusion-one-fifth fusion-column-last\" style=\"--awb-bg-size:cover;width:20%;width:calc(20% - ( ( 4% ) * 0.2 ) );\"><div class=\"fusion-column-wrapper fusion-column-has-shadow fusion-flex-column-wrapper-legacy\"><div class=\"fusion-button-wrapper\"><a class=\"fusion-button button-flat button-small button-default fusion-button-default button-10 fusion-button-default-span fusion-button-default-type\" target=\"_blank\" rel=\"noopener noreferrer\" href=\"http:\/\/steinerschule.ch\/wp-content\/uploads\/2019\/12\/Didden-Selbstverwaltung.pdf\"><span class=\"fusion-button-text awb-button__text awb-button__text--default\">Mehr <\/span><\/a><\/div><div class=\"fusion-clearfix\"><\/div><\/div><\/div><div class=\"fusion-layout-column fusion_builder_column fusion-builder-column-39 fusion_builder_column_4_5 4_5 fusion-four-fifth fusion-column-first fusion-column-no-min-height\" style=\"--awb-bg-size:cover;width:80%;width:calc(80% - ( ( 4% ) * 0.8 ) );margin-right: 4%;\"><div class=\"fusion-column-wrapper fusion-column-has-shadow fusion-flex-column-wrapper-legacy\"><div class=\"fusion-text fusion-text-22\"><p>Arti\u00adkel&nbsp;: <span class>\u00ab&nbsp;Soli\u00adda\u00adrisches Schul\u00adgeld \u2013 Prin\u00adzi\u00adpien und Funk\u00adtions\u00adweise des soli\u00adda\u00adri\u00adschen Eltern\u00adbei\u00adtrag\u00adssys\u00adtems der <span class=\"caps\">RSS<\/span><\/span><span class>&nbsp;\u00bb.<\/span><\/p>\n<\/div><div class=\"fusion-clearfix\"><\/div><\/div><\/div><div class=\"fusion-layout-column fusion_builder_column fusion-builder-column-40 fusion_builder_column_1_5 1_5 fusion-one-fifth fusion-column-last\" style=\"--awb-bg-size:cover;width:20%;width:calc(20% - ( ( 4% ) * 0.2 ) );\"><div class=\"fusion-column-wrapper fusion-column-has-shadow fusion-flex-column-wrapper-legacy\"><div class=\"fusion-button-wrapper\"><a class=\"fusion-button button-flat button-small button-default fusion-button-default button-11 fusion-button-default-span fusion-button-default-type\" target=\"_blank\" rel=\"noopener noreferrer\" href=\"http:\/\/steinerschule.ch\/wp-content\/uploads\/2019\/12\/Aebersold-Elternbeitraege.pdf\"><span class=\"fusion-button-text awb-button__text awb-button__text--default\">Mehr <\/span><\/a><\/div><div class=\"fusion-clearfix\"><\/div><\/div><\/div><\/div><\/div>\n","protected":false},"excerpt":{"rendered":"","protected":false},"author":2,"featured_media":0,"parent":0,"menu_order":0,"comment_status":"closed","ping_status":"closed","template":"","meta":{"wp_typography_post_enhancements_disabled":false,"footnotes":""},"class_list":["post-9664","page","type-page","status-publish","hentry"],"yoast_head":"<!-- This site is optimized with the Yoast SEO plugin v28.4 - https:\/\/yoast.com\/product\/yoast-seo-wordpress\/ -->\n<title>Toutes sortes de choses &#8211; Rudolf Steiner Schulen Schweiz<\/title>\n<meta name=\"robots\" content=\"index, follow, max-snippet:-1, max-image-preview:large, max-video-preview:-1\" \/>\n<link rel=\"canonical\" href=\"https:\/\/steinerschule.ch\/fr\/allerlei\/\" \/>\n<meta property=\"og:locale\" content=\"fr_FR\" \/>\n<meta property=\"og:type\" content=\"article\" \/>\n<meta property=\"og:title\" content=\"Toutes sortes de choses &#8211; Rudolf Steiner Schulen Schweiz\" \/>\n<meta property=\"og:url\" content=\"https:\/\/steinerschule.ch\/fr\/allerlei\/\" \/>\n<meta property=\"og:site_name\" content=\"Rudolf Steiner Schulen Schweiz\" \/>\n<meta property=\"article:modified_time\" content=\"2023-01-12T11:37:13+00:00\" \/>\n<meta name=\"twitter:card\" content=\"summary_large_image\" \/>\n<meta name=\"twitter:label1\" content=\"Dur\u00e9e de lecture estim\u00e9e\" \/>\n\t<meta name=\"twitter:data1\" content=\"52 minutes\" \/>\n<script type=\"application\/ld+json\" class=\"yoast-schema-graph\">{\"@context\":\"https:\\\/\\\/schema.org\",\"@graph\":[{\"@type\":\"WebPage\",\"@id\":\"https:\\\/\\\/steinerschule.ch\\\/fr\\\/allerlei\\\/\",\"url\":\"https:\\\/\\\/steinerschule.ch\\\/fr\\\/allerlei\\\/\",\"name\":\"Toutes sortes de choses &#8211; Rudolf Steiner Schulen Schweiz\",\"isPartOf\":{\"@id\":\"https:\\\/\\\/steinerschule.ch\\\/fr\\\/#website\"},\"datePublished\":\"2021-04-27T20:36:23+00:00\",\"dateModified\":\"2023-01-12T11:37:13+00:00\",\"breadcrumb\":{\"@id\":\"https:\\\/\\\/steinerschule.ch\\\/fr\\\/allerlei\\\/#breadcrumb\"},\"inLanguage\":\"fr-FR\",\"potentialAction\":[{\"@type\":\"ReadAction\",\"target\":[\"https:\\\/\\\/steinerschule.ch\\\/fr\\\/allerlei\\\/\"]}]},{\"@type\":\"BreadcrumbList\",\"@id\":\"https:\\\/\\\/steinerschule.ch\\\/fr\\\/allerlei\\\/#breadcrumb\",\"itemListElement\":[{\"@type\":\"ListItem\",\"position\":1,\"name\":\"Startseite\",\"item\":\"https:\\\/\\\/steinerschule.ch\\\/fr\\\/home\\\/\"},{\"@type\":\"ListItem\",\"position\":2,\"name\":\"Toutes sortes de choses\"}]},{\"@type\":\"WebSite\",\"@id\":\"https:\\\/\\\/steinerschule.ch\\\/fr\\\/#website\",\"url\":\"https:\\\/\\\/steinerschule.ch\\\/fr\\\/\",\"name\":\"Rudolf Steiner Schulen Schweiz\",\"description\":\"Rudolf Steiner Schulen Schweiz\",\"publisher\":{\"@id\":\"https:\\\/\\\/steinerschule.ch\\\/fr\\\/#organization\"},\"potentialAction\":[{\"@type\":\"SearchAction\",\"target\":{\"@type\":\"EntryPoint\",\"urlTemplate\":\"https:\\\/\\\/steinerschule.ch\\\/fr\\\/?s={search_term_string}\"},\"query-input\":{\"@type\":\"PropertyValueSpecification\",\"valueRequired\":true,\"valueName\":\"search_term_string\"}}],\"inLanguage\":\"fr-FR\"},{\"@type\":\"Organization\",\"@id\":\"https:\\\/\\\/steinerschule.ch\\\/fr\\\/#organization\",\"name\":\"Rudolf Steiner Schulen\",\"url\":\"https:\\\/\\\/steinerschule.ch\\\/fr\\\/\",\"logo\":{\"@type\":\"ImageObject\",\"inLanguage\":\"fr-FR\",\"@id\":\"https:\\\/\\\/steinerschule.ch\\\/fr\\\/#\\\/schema\\\/logo\\\/image\\\/\",\"url\":\"https:\\\/\\\/steinerschule.ch\\\/wp-content\\\/uploads\\\/2018\\\/09\\\/Logo_Schriftzug_definitiv_neu_Retina.png\",\"contentUrl\":\"https:\\\/\\\/steinerschule.ch\\\/wp-content\\\/uploads\\\/2018\\\/09\\\/Logo_Schriftzug_definitiv_neu_Retina.png\",\"width\":914,\"height\":48,\"caption\":\"Rudolf Steiner Schulen\"},\"image\":{\"@id\":\"https:\\\/\\\/steinerschule.ch\\\/fr\\\/#\\\/schema\\\/logo\\\/image\\\/\"}}]}<\/script>\n<!-- \/ Yoast SEO plugin. -->","yoast_head_json":{"title":"Toutes sortes de choses &#8211; Rudolf Steiner Schulen Schweiz","robots":{"index":"index","follow":"follow","max-snippet":"max-snippet:-1","max-image-preview":"max-image-preview:large","max-video-preview":"max-video-preview:-1"},"canonical":"https:\/\/steinerschule.ch\/fr\/allerlei\/","og_locale":"fr_FR","og_type":"article","og_title":"Toutes sortes de choses &#8211; Rudolf Steiner Schulen Schweiz","og_url":"https:\/\/steinerschule.ch\/fr\/allerlei\/","og_site_name":"Rudolf Steiner Schulen Schweiz","article_modified_time":"2023-01-12T11:37:13+00:00","twitter_card":"summary_large_image","twitter_misc":{"Dur\u00e9e de lecture estim\u00e9e":"52 minutes"},"schema":{"@context":"https:\/\/schema.org","@graph":[{"@type":"WebPage","@id":"https:\/\/steinerschule.ch\/fr\/allerlei\/","url":"https:\/\/steinerschule.ch\/fr\/allerlei\/","name":"Toutes sortes de choses &#8211; Rudolf Steiner Schulen Schweiz","isPartOf":{"@id":"https:\/\/steinerschule.ch\/fr\/#website"},"datePublished":"2021-04-27T20:36:23+00:00","dateModified":"2023-01-12T11:37:13+00:00","breadcrumb":{"@id":"https:\/\/steinerschule.ch\/fr\/allerlei\/#breadcrumb"},"inLanguage":"fr-FR","potentialAction":[{"@type":"ReadAction","target":["https:\/\/steinerschule.ch\/fr\/allerlei\/"]}]},{"@type":"BreadcrumbList","@id":"https:\/\/steinerschule.ch\/fr\/allerlei\/#breadcrumb","itemListElement":[{"@type":"ListItem","position":1,"name":"Startseite","item":"https:\/\/steinerschule.ch\/fr\/home\/"},{"@type":"ListItem","position":2,"name":"Toutes sortes de choses"}]},{"@type":"WebSite","@id":"https:\/\/steinerschule.ch\/fr\/#website","url":"https:\/\/steinerschule.ch\/fr\/","name":"Rudolf Steiner Schulen Schweiz","description":"Rudolf Steiner Schulen Schweiz","publisher":{"@id":"https:\/\/steinerschule.ch\/fr\/#organization"},"potentialAction":[{"@type":"SearchAction","target":{"@type":"EntryPoint","urlTemplate":"https:\/\/steinerschule.ch\/fr\/?s={search_term_string}"},"query-input":{"@type":"PropertyValueSpecification","valueRequired":true,"valueName":"search_term_string"}}],"inLanguage":"fr-FR"},{"@type":"Organization","@id":"https:\/\/steinerschule.ch\/fr\/#organization","name":"Rudolf Steiner Schulen","url":"https:\/\/steinerschule.ch\/fr\/","logo":{"@type":"ImageObject","inLanguage":"fr-FR","@id":"https:\/\/steinerschule.ch\/fr\/#\/schema\/logo\/image\/","url":"https:\/\/steinerschule.ch\/wp-content\/uploads\/2018\/09\/Logo_Schriftzug_definitiv_neu_Retina.png","contentUrl":"https:\/\/steinerschule.ch\/wp-content\/uploads\/2018\/09\/Logo_Schriftzug_definitiv_neu_Retina.png","width":914,"height":48,"caption":"Rudolf Steiner Schulen"},"image":{"@id":"https:\/\/steinerschule.ch\/fr\/#\/schema\/logo\/image\/"}}]}},"_links":{"self":[{"href":"https:\/\/steinerschule.ch\/fr\/wp-json\/wp\/v2\/pages\/9664","targetHints":{"allow":["GET"]}}],"collection":[{"href":"https:\/\/steinerschule.ch\/fr\/wp-json\/wp\/v2\/pages"}],"about":[{"href":"https:\/\/steinerschule.ch\/fr\/wp-json\/wp\/v2\/types\/page"}],"author":[{"embeddable":true,"href":"https:\/\/steinerschule.ch\/fr\/wp-json\/wp\/v2\/users\/2"}],"replies":[{"embeddable":true,"href":"https:\/\/steinerschule.ch\/fr\/wp-json\/wp\/v2\/comments?post=9664"}],"version-history":[{"count":25,"href":"https:\/\/steinerschule.ch\/fr\/wp-json\/wp\/v2\/pages\/9664\/revisions"}],"predecessor-version":[{"id":13812,"href":"https:\/\/steinerschule.ch\/fr\/wp-json\/wp\/v2\/pages\/9664\/revisions\/13812"}],"wp:attachment":[{"href":"https:\/\/steinerschule.ch\/fr\/wp-json\/wp\/v2\/media?parent=9664"}],"curies":[{"name":"wp","href":"https:\/\/api.w.org\/{rel}","templated":true}]}}