{"id":13552,"date":"2022-10-30T10:30:01","date_gmt":"2022-10-30T09:30:01","guid":{"rendered":"https:\/\/steinerschule.ch\/wp-content\/uploads\/2022\/10\/Samuel_Schaffner_RSS_Schweiz_20221025_CJP_L1670636_Print-2.jpg"},"modified":"2022-10-30T10:41:05","modified_gmt":"2022-10-30T09:41:05","slug":"rudolf-steinerschule-schweiz-2-2","status":"inherit","type":"attachment","link":"https:\/\/steinerschule.ch\/fr\/contact\/rudolf-steinerschule-schweiz-2-2\/","title":{"rendered":"Rudolf Stei\u00adner\u00adschule Schweiz"},"author":3,"featured_media":0,"comment_status":"closed","ping_status":"closed","template":"","meta":{"wp_typography_post_enhancements_disabled":false},"class_list":["post-13552","attachment","type-attachment","status-inherit","hentry"],"yoast_head":"<!-- This site is optimized with the Yoast SEO plugin v28.4 - https:\/\/yoast.com\/product\/yoast-seo-wordpress\/ -->\n<title>Rudolf Steinerschule Schweiz &#8211; Rudolf Steiner Schulen Schweiz<\/title>\n<meta name=\"robots\" content=\"index, follow, max-snippet:-1, max-image-preview:large, max-video-preview:-1\" \/>\n<link rel=\"canonical\" href=\"https:\/\/steinerschule.ch\/fr\/contact\/rudolf-steinerschule-schweiz-2-2\/\" \/>\n<meta property=\"og:locale\" content=\"fr_FR\" \/>\n<meta property=\"og:type\" content=\"article\" \/>\n<meta property=\"og:title\" content=\"Rudolf Steinerschule Schweiz &#8211; Rudolf Steiner Schulen Schweiz\" \/>\n<meta property=\"og:description\" content=\"Rudolf Steiner Schule Schweiz, RSS, Lehrer, Lehrerin, Sch\u00fcler, Sch\u00fclerin, Kind, Jugendlich, M\u00e4dchen, Knaben, Verein, Stiftung, Koordination, Schweiz, \u00a9 Photo Christian Jaeggi, 25. Oktober 2022\" \/>\n<meta property=\"og:url\" content=\"https:\/\/steinerschule.ch\/fr\/contact\/rudolf-steinerschule-schweiz-2-2\/\" \/>\n<meta property=\"og:site_name\" content=\"Rudolf Steiner Schulen Schweiz\" \/>\n<meta property=\"article:modified_time\" content=\"2022-10-30T09:41:05+00:00\" \/>\n<meta property=\"og:image\" content=\"https:\/\/steinerschule.ch\/wp-content\/uploads\/2022\/10\/Samuel_Schaffner_RSS_Schweiz_20221025_CJP_L1670636_Print-2.jpg\" \/>\n\t<meta property=\"og:image:width\" content=\"2477\" \/>\n\t<meta property=\"og:image:height\" content=\"1858\" \/>\n\t<meta property=\"og:image:type\" content=\"image\/jpeg\" \/>\n<meta name=\"twitter:card\" content=\"summary_large_image\" \/>\n<script type=\"application\/ld+json\" class=\"yoast-schema-graph\">{\"@context\":\"https:\\\/\\\/schema.org\",\"@graph\":[{\"@type\":\"WebPage\",\"@id\":\"https:\\\/\\\/steinerschule.ch\\\/fr\\\/contact\\\/rudolf-steinerschule-schweiz-2-2\\\/\",\"url\":\"https:\\\/\\\/steinerschule.ch\\\/fr\\\/contact\\\/rudolf-steinerschule-schweiz-2-2\\\/\",\"name\":\"Rudolf Steinerschule Schweiz &#8211; Rudolf Steiner Schulen Schweiz\",\"isPartOf\":{\"@id\":\"https:\\\/\\\/steinerschule.ch\\\/fr\\\/#website\"},\"datePublished\":\"2022-10-30T09:30:01+00:00\",\"dateModified\":\"2022-10-30T09:41:05+00:00\",\"breadcrumb\":{\"@id\":\"https:\\\/\\\/steinerschule.ch\\\/fr\\\/contact\\\/rudolf-steinerschule-schweiz-2-2\\\/#breadcrumb\"},\"inLanguage\":\"fr-FR\",\"potentialAction\":[{\"@type\":\"ReadAction\",\"target\":[\"https:\\\/\\\/steinerschule.ch\\\/fr\\\/contact\\\/rudolf-steinerschule-schweiz-2-2\\\/\"]}]},{\"@type\":\"BreadcrumbList\",\"@id\":\"https:\\\/\\\/steinerschule.ch\\\/fr\\\/contact\\\/rudolf-steinerschule-schweiz-2-2\\\/#breadcrumb\",\"itemListElement\":[{\"@type\":\"ListItem\",\"position\":1,\"name\":\"Startseite\",\"item\":\"https:\\\/\\\/steinerschule.ch\\\/fr\\\/home\\\/\"},{\"@type\":\"ListItem\",\"position\":2,\"name\":\"Kontakt \\\/ Contact\",\"item\":\"https:\\\/\\\/steinerschule.ch\\\/fr\\\/contact\\\/\"},{\"@type\":\"ListItem\",\"position\":3,\"name\":\"Rudolf Steinerschule Schweiz\"}]},{\"@type\":\"WebSite\",\"@id\":\"https:\\\/\\\/steinerschule.ch\\\/fr\\\/#website\",\"url\":\"https:\\\/\\\/steinerschule.ch\\\/fr\\\/\",\"name\":\"Rudolf Steiner Schulen Schweiz\",\"description\":\"Rudolf Steiner Schulen Schweiz\",\"publisher\":{\"@id\":\"https:\\\/\\\/steinerschule.ch\\\/fr\\\/#organization\"},\"potentialAction\":[{\"@type\":\"SearchAction\",\"target\":{\"@type\":\"EntryPoint\",\"urlTemplate\":\"https:\\\/\\\/steinerschule.ch\\\/fr\\\/?s={search_term_string}\"},\"query-input\":{\"@type\":\"PropertyValueSpecification\",\"valueRequired\":true,\"valueName\":\"search_term_string\"}}],\"inLanguage\":\"fr-FR\"},{\"@type\":\"Organization\",\"@id\":\"https:\\\/\\\/steinerschule.ch\\\/fr\\\/#organization\",\"name\":\"Rudolf Steiner Schulen\",\"url\":\"https:\\\/\\\/steinerschule.ch\\\/fr\\\/\",\"logo\":{\"@type\":\"ImageObject\",\"inLanguage\":\"fr-FR\",\"@id\":\"https:\\\/\\\/steinerschule.ch\\\/fr\\\/#\\\/schema\\\/logo\\\/image\\\/\",\"url\":\"https:\\\/\\\/steinerschule.ch\\\/wp-content\\\/uploads\\\/2018\\\/09\\\/Logo_Schriftzug_definitiv_neu_Retina.png\",\"contentUrl\":\"https:\\\/\\\/steinerschule.ch\\\/wp-content\\\/uploads\\\/2018\\\/09\\\/Logo_Schriftzug_definitiv_neu_Retina.png\",\"width\":914,\"height\":48,\"caption\":\"Rudolf Steiner Schulen\"},\"image\":{\"@id\":\"https:\\\/\\\/steinerschule.ch\\\/fr\\\/#\\\/schema\\\/logo\\\/image\\\/\"}}]}<\/script>\n<!-- \/ Yoast SEO plugin. -->","yoast_head_json":{"title":"Rudolf Steinerschule Schweiz &#8211; Rudolf Steiner Schulen Schweiz","robots":{"index":"index","follow":"follow","max-snippet":"max-snippet:-1","max-image-preview":"max-image-preview:large","max-video-preview":"max-video-preview:-1"},"canonical":"https:\/\/steinerschule.ch\/fr\/contact\/rudolf-steinerschule-schweiz-2-2\/","og_locale":"fr_FR","og_type":"article","og_title":"Rudolf Steinerschule Schweiz &#8211; Rudolf Steiner Schulen Schweiz","og_description":"Rudolf Steiner Schule Schweiz, RSS, Lehrer, Lehrerin, Sch\u00fcler, Sch\u00fclerin, Kind, Jugendlich, M\u00e4dchen, Knaben, Verein, Stiftung, Koordination, Schweiz, \u00a9 Photo Christian Jaeggi, 25. Oktober 2022","og_url":"https:\/\/steinerschule.ch\/fr\/contact\/rudolf-steinerschule-schweiz-2-2\/","og_site_name":"Rudolf Steiner Schulen Schweiz","article_modified_time":"2022-10-30T09:41:05+00:00","og_image":[{"width":2477,"height":1858,"url":"https:\/\/steinerschule.ch\/wp-content\/uploads\/2022\/10\/Samuel_Schaffner_RSS_Schweiz_20221025_CJP_L1670636_Print-2.jpg","type":"image\/jpeg"}],"twitter_card":"summary_large_image","schema":{"@context":"https:\/\/schema.org","@graph":[{"@type":"WebPage","@id":"https:\/\/steinerschule.ch\/fr\/contact\/rudolf-steinerschule-schweiz-2-2\/","url":"https:\/\/steinerschule.ch\/fr\/contact\/rudolf-steinerschule-schweiz-2-2\/","name":"Rudolf Steinerschule Schweiz &#8211; Rudolf Steiner Schulen Schweiz","isPartOf":{"@id":"https:\/\/steinerschule.ch\/fr\/#website"},"datePublished":"2022-10-30T09:30:01+00:00","dateModified":"2022-10-30T09:41:05+00:00","breadcrumb":{"@id":"https:\/\/steinerschule.ch\/fr\/contact\/rudolf-steinerschule-schweiz-2-2\/#breadcrumb"},"inLanguage":"fr-FR","potentialAction":[{"@type":"ReadAction","target":["https:\/\/steinerschule.ch\/fr\/contact\/rudolf-steinerschule-schweiz-2-2\/"]}]},{"@type":"BreadcrumbList","@id":"https:\/\/steinerschule.ch\/fr\/contact\/rudolf-steinerschule-schweiz-2-2\/#breadcrumb","itemListElement":[{"@type":"ListItem","position":1,"name":"Startseite","item":"https:\/\/steinerschule.ch\/fr\/home\/"},{"@type":"ListItem","position":2,"name":"Kontakt \/ Contact","item":"https:\/\/steinerschule.ch\/fr\/contact\/"},{"@type":"ListItem","position":3,"name":"Rudolf Steinerschule Schweiz"}]},{"@type":"WebSite","@id":"https:\/\/steinerschule.ch\/fr\/#website","url":"https:\/\/steinerschule.ch\/fr\/","name":"Rudolf Steiner Schulen Schweiz","description":"Rudolf Steiner Schulen Schweiz","publisher":{"@id":"https:\/\/steinerschule.ch\/fr\/#organization"},"potentialAction":[{"@type":"SearchAction","target":{"@type":"EntryPoint","urlTemplate":"https:\/\/steinerschule.ch\/fr\/?s={search_term_string}"},"query-input":{"@type":"PropertyValueSpecification","valueRequired":true,"valueName":"search_term_string"}}],"inLanguage":"fr-FR"},{"@type":"Organization","@id":"https:\/\/steinerschule.ch\/fr\/#organization","name":"Rudolf Steiner Schulen","url":"https:\/\/steinerschule.ch\/fr\/","logo":{"@type":"ImageObject","inLanguage":"fr-FR","@id":"https:\/\/steinerschule.ch\/fr\/#\/schema\/logo\/image\/","url":"https:\/\/steinerschule.ch\/wp-content\/uploads\/2018\/09\/Logo_Schriftzug_definitiv_neu_Retina.png","contentUrl":"https:\/\/steinerschule.ch\/wp-content\/uploads\/2018\/09\/Logo_Schriftzug_definitiv_neu_Retina.png","width":914,"height":48,"caption":"Rudolf Steiner Schulen"},"image":{"@id":"https:\/\/steinerschule.ch\/fr\/#\/schema\/logo\/image\/"}}]}},"description":{"rendered":"<p class=\"attachment\"><a data-rel=\"iLightbox[postimages]\" data-title data-caption href=\"https:\/\/steinerschule.ch\/wp-content\/uploads\/2022\/10\/Samuel_Schaffner_RSS_Schweiz_20221025_CJP_L1670636_Print-2.jpg\"><img decoding=\"async\" width=\"300\" height=\"225\" src=\"https:\/\/steinerschule.ch\/wp-content\/uploads\/2022\/10\/Samuel_Schaffner_RSS_Schweiz_20221025_CJP_L1670636_Print-2-300x225.jpg\" class=\"attachment-medium size-medium\" alt=\"Samuel Schaffner\" srcset=\"https:\/\/steinerschule.ch\/wp-content\/uploads\/2022\/10\/Samuel_Schaffner_RSS_Schweiz_20221025_CJP_L1670636_Print-2-200x150.jpg 200w, https:\/\/steinerschule.ch\/wp-content\/uploads\/2022\/10\/Samuel_Schaffner_RSS_Schweiz_20221025_CJP_L1670636_Print-2-300x225.jpg 300w, https:\/\/steinerschule.ch\/wp-content\/uploads\/2022\/10\/Samuel_Schaffner_RSS_Schweiz_20221025_CJP_L1670636_Print-2-400x300.jpg 400w, https:\/\/steinerschule.ch\/wp-content\/uploads\/2022\/10\/Samuel_Schaffner_RSS_Schweiz_20221025_CJP_L1670636_Print-2-600x450.jpg 600w, https:\/\/steinerschule.ch\/wp-content\/uploads\/2022\/10\/Samuel_Schaffner_RSS_Schweiz_20221025_CJP_L1670636_Print-2-768x576.jpg 768w, https:\/\/steinerschule.ch\/wp-content\/uploads\/2022\/10\/Samuel_Schaffner_RSS_Schweiz_20221025_CJP_L1670636_Print-2-800x600.jpg 800w, https:\/\/steinerschule.ch\/wp-content\/uploads\/2022\/10\/Samuel_Schaffner_RSS_Schweiz_20221025_CJP_L1670636_Print-2-1024x768.jpg 1024w, https:\/\/steinerschule.ch\/wp-content\/uploads\/2022\/10\/Samuel_Schaffner_RSS_Schweiz_20221025_CJP_L1670636_Print-2-1200x900.jpg 1200w, https:\/\/steinerschule.ch\/wp-content\/uploads\/2022\/10\/Samuel_Schaffner_RSS_Schweiz_20221025_CJP_L1670636_Print-2-1536x1152.jpg 1536w\" sizes=\"(max-width: 300px) 100vw, 300px\"><\/a><\/p>\n<p>Samuel Schaff\u00adner<\/p>\n"},"caption":{"rendered":"<p>Rudolf Stei\u00adner Schule Schweiz, <span class=\"caps\">RSS<\/span>, Leh\u00adrer, Leh\u00adre\u00adrin, Sch\u00fc\u00adler, Sch\u00fc\u00adle\u00adrin, Kind, Jugend\u00adlich, M\u00e4d\u00adchen, Kna\u00adben, Verein, Stif\u00adtung, Koor\u00addi\u00adna\u00adtion, Schweiz, \u00a9 Pho\u00adto Chris\u00adtian Jaeg\u00adgi, 25. Okto\u00adber&nbsp;2022<\/p>\n"},"alt_text":"Samuel Schaffner","media_type":"image","mime_type":"image\/jpeg","media_details":{"width":2477,"height":1858,"file":"2022\/10\/Samuel_Schaffner_RSS_Schweiz_20221025_CJP_L1670636_Print-2.jpg","filesize":823580,"sizes":{"medium":{"file":"Samuel_Schaffner_RSS_Schweiz_20221025_CJP_L1670636_Print-2-300x225.jpg","width":300,"height":225,"filesize":9510,"mime_type":"image\/jpeg","source_url":"https:\/\/steinerschule.ch\/wp-content\/uploads\/2022\/10\/Samuel_Schaffner_RSS_Schweiz_20221025_CJP_L1670636_Print-2-300x225.jpg"},"large":{"file":"Samuel_Schaffner_RSS_Schweiz_20221025_CJP_L1670636_Print-2-1024x768.jpg","width":1024,"height":768,"filesize":86976,"mime_type":"image\/jpeg","source_url":"https:\/\/steinerschule.ch\/wp-content\/uploads\/2022\/10\/Samuel_Schaffner_RSS_Schweiz_20221025_CJP_L1670636_Print-2-1024x768.jpg"},"thumbnail":{"file":"Samuel_Schaffner_RSS_Schweiz_20221025_CJP_L1670636_Print-2-150x150.jpg","width":150,"height":150,"filesize":4908,"mime_type":"image\/jpeg","source_url":"https:\/\/steinerschule.ch\/wp-content\/uploads\/2022\/10\/Samuel_Schaffner_RSS_Schweiz_20221025_CJP_L1670636_Print-2-150x150.jpg"},"medium_large":{"file":"Samuel_Schaffner_RSS_Schweiz_20221025_CJP_L1670636_Print-2-768x576.jpg","width":768,"height":576,"filesize":50040,"mime_type":"image\/jpeg","source_url":"https:\/\/steinerschule.ch\/wp-content\/uploads\/2022\/10\/Samuel_Schaffner_RSS_Schweiz_20221025_CJP_L1670636_Print-2-768x576.jpg"},"1536x1536":{"file":"Samuel_Schaffner_RSS_Schweiz_20221025_CJP_L1670636_Print-2-1536x1152.jpg","width":1536,"height":1152,"filesize":184714,"mime_type":"image\/jpeg","source_url":"https:\/\/steinerschule.ch\/wp-content\/uploads\/2022\/10\/Samuel_Schaffner_RSS_Schweiz_20221025_CJP_L1670636_Print-2-1536x1152.jpg"},"2048x2048":{"file":"Samuel_Schaffner_RSS_Schweiz_20221025_CJP_L1670636_Print-2-2048x1536.jpg","width":2048,"height":1536,"filesize":309083,"mime_type":"image\/jpeg","source_url":"https:\/\/steinerschule.ch\/wp-content\/uploads\/2022\/10\/Samuel_Schaffner_RSS_Schweiz_20221025_CJP_L1670636_Print-2-2048x1536.jpg"},"blog-large":{"file":"Samuel_Schaffner_RSS_Schweiz_20221025_CJP_L1670636_Print-2-669x272.jpg","width":669,"height":272,"filesize":18427,"mime_type":"image\/jpeg","source_url":"https:\/\/steinerschule.ch\/wp-content\/uploads\/2022\/10\/Samuel_Schaffner_RSS_Schweiz_20221025_CJP_L1670636_Print-2-669x272.jpg"},"blog-medium":{"file":"Samuel_Schaffner_RSS_Schweiz_20221025_CJP_L1670636_Print-2-320x202.jpg","width":320,"height":202,"filesize":8868,"mime_type":"image\/jpeg","source_url":"https:\/\/steinerschule.ch\/wp-content\/uploads\/2022\/10\/Samuel_Schaffner_RSS_Schweiz_20221025_CJP_L1670636_Print-2-320x202.jpg"},"recent-posts":{"file":"Samuel_Schaffner_RSS_Schweiz_20221025_CJP_L1670636_Print-2-700x441.jpg","width":700,"height":441,"filesize":35454,"mime_type":"image\/jpeg","source_url":"https:\/\/steinerschule.ch\/wp-content\/uploads\/2022\/10\/Samuel_Schaffner_RSS_Schweiz_20221025_CJP_L1670636_Print-2-700x441.jpg"},"recent-works-thumbnail":{"file":"Samuel_Schaffner_RSS_Schweiz_20221025_CJP_L1670636_Print-2-66x66.jpg","width":66,"height":66,"filesize":1903,"mime_type":"image\/jpeg","source_url":"https:\/\/steinerschule.ch\/wp-content\/uploads\/2022\/10\/Samuel_Schaffner_RSS_Schweiz_20221025_CJP_L1670636_Print-2-66x66.jpg"},"fusion-200":{"file":"Samuel_Schaffner_RSS_Schweiz_20221025_CJP_L1670636_Print-2-200x150.jpg","width":200,"height":150,"filesize":5238,"mime_type":"image\/jpeg","source_url":"https:\/\/steinerschule.ch\/wp-content\/uploads\/2022\/10\/Samuel_Schaffner_RSS_Schweiz_20221025_CJP_L1670636_Print-2-200x150.jpg"},"fusion-400":{"file":"Samuel_Schaffner_RSS_Schweiz_20221025_CJP_L1670636_Print-2-400x300.jpg","width":400,"height":300,"filesize":14844,"mime_type":"image\/jpeg","source_url":"https:\/\/steinerschule.ch\/wp-content\/uploads\/2022\/10\/Samuel_Schaffner_RSS_Schweiz_20221025_CJP_L1670636_Print-2-400x300.jpg"},"fusion-600":{"file":"Samuel_Schaffner_RSS_Schweiz_20221025_CJP_L1670636_Print-2-600x450.jpg","width":600,"height":450,"filesize":31566,"mime_type":"image\/jpeg","source_url":"https:\/\/steinerschule.ch\/wp-content\/uploads\/2022\/10\/Samuel_Schaffner_RSS_Schweiz_20221025_CJP_L1670636_Print-2-600x450.jpg"},"fusion-800":{"file":"Samuel_Schaffner_RSS_Schweiz_20221025_CJP_L1670636_Print-2-800x600.jpg","width":800,"height":600,"filesize":54163,"mime_type":"image\/jpeg","source_url":"https:\/\/steinerschule.ch\/wp-content\/uploads\/2022\/10\/Samuel_Schaffner_RSS_Schweiz_20221025_CJP_L1670636_Print-2-800x600.jpg"},"fusion-1200":{"file":"Samuel_Schaffner_RSS_Schweiz_20221025_CJP_L1670636_Print-2-1200x900.jpg","width":1200,"height":900,"filesize":117850,"mime_type":"image\/jpeg","source_url":"https:\/\/steinerschule.ch\/wp-content\/uploads\/2022\/10\/Samuel_Schaffner_RSS_Schweiz_20221025_CJP_L1670636_Print-2-1200x900.jpg"},"portfolio-full":{"file":"Samuel_Schaffner_RSS_Schweiz_20221025_CJP_L1670636_Print-2-940x400.jpg","width":940,"height":400,"filesize":37425,"mime_type":"image\/jpeg","source_url":"https:\/\/steinerschule.ch\/wp-content\/uploads\/2022\/10\/Samuel_Schaffner_RSS_Schweiz_20221025_CJP_L1670636_Print-2-940x400.jpg"},"portfolio-one":{"file":"Samuel_Schaffner_RSS_Schweiz_20221025_CJP_L1670636_Print-2-540x272.jpg","width":540,"height":272,"filesize":16373,"mime_type":"image\/jpeg","source_url":"https:\/\/steinerschule.ch\/wp-content\/uploads\/2022\/10\/Samuel_Schaffner_RSS_Schweiz_20221025_CJP_L1670636_Print-2-540x272.jpg"},"portfolio-two":{"file":"Samuel_Schaffner_RSS_Schweiz_20221025_CJP_L1670636_Print-2-460x295.jpg","width":460,"height":295,"filesize":16429,"mime_type":"image\/jpeg","source_url":"https:\/\/steinerschule.ch\/wp-content\/uploads\/2022\/10\/Samuel_Schaffner_RSS_Schweiz_20221025_CJP_L1670636_Print-2-460x295.jpg"},"portfolio-three":{"file":"Samuel_Schaffner_RSS_Schweiz_20221025_CJP_L1670636_Print-2-300x214.jpg","width":300,"height":214,"filesize":9066,"mime_type":"image\/jpeg","source_url":"https:\/\/steinerschule.ch\/wp-content\/uploads\/2022\/10\/Samuel_Schaffner_RSS_Schweiz_20221025_CJP_L1670636_Print-2-300x214.jpg"},"portfolio-five":{"file":"Samuel_Schaffner_RSS_Schweiz_20221025_CJP_L1670636_Print-2-177x142.jpg","width":177,"height":142,"filesize":4790,"mime_type":"image\/jpeg","source_url":"https:\/\/steinerschule.ch\/wp-content\/uploads\/2022\/10\/Samuel_Schaffner_RSS_Schweiz_20221025_CJP_L1670636_Print-2-177x142.jpg"},"full":{"file":"Samuel_Schaffner_RSS_Schweiz_20221025_CJP_L1670636_Print-2.jpg","width":2477,"height":1858,"mime_type":"image\/jpeg","source_url":"https:\/\/steinerschule.ch\/wp-content\/uploads\/2022\/10\/Samuel_Schaffner_RSS_Schweiz_20221025_CJP_L1670636_Print-2.jpg"}},"image_meta":{"aperture":"0","credit":"Photo Christian Jaeggi","camera":"","caption":"Rudolf Steiner Schule Schweiz, RSS, Lehrer, Lehrerin, Sch\u00fcler, Sch\u00fclerin, Kind, Jugendlich, M\u00e4dchen, Knaben, Verein, Stiftung, Koordination, Schweiz, \u00a9 Photo Christian Jaeggi, 25. Oktober 2022","created_timestamp":"1667075002","copyright":"\u00a9 Photo Christian Jaeggi","focal_length":"0","iso":"0","shutter_speed":"0","title":"Rudolf Steinerschule Schweiz","orientation":"0","keywords":["Rudolf Steiner Schule Schweiz","RSS","Lehrer","Lehrerin","Sch\u00fcler","Sch\u00fclerin","Kind","Jugendlich","M\u00e4dchen","Knaben","Verein","Stiftung","Koordination","Schweiz","\u00a9 Photo Christian Jaeggi"]}},"post":3440,"source_url":"https:\/\/steinerschule.ch\/wp-content\/uploads\/2022\/10\/Samuel_Schaffner_RSS_Schweiz_20221025_CJP_L1670636_Print-2.jpg","filename":"Samuel_Schaffner_RSS_Schweiz_20221025_CJP_L1670636_Print-2.jpg","filesize":823580,"_links":{"self":[{"href":"https:\/\/steinerschule.ch\/fr\/wp-json\/wp\/v2\/media\/13552","targetHints":{"allow":["GET"]}}],"collection":[{"href":"https:\/\/steinerschule.ch\/fr\/wp-json\/wp\/v2\/media"}],"about":[{"href":"https:\/\/steinerschule.ch\/fr\/wp-json\/wp\/v2\/types\/attachment"}],"author":[{"embeddable":true,"href":"https:\/\/steinerschule.ch\/fr\/wp-json\/wp\/v2\/users\/3"}],"replies":[{"embeddable":true,"href":"https:\/\/steinerschule.ch\/fr\/wp-json\/wp\/v2\/comments?post=13552"}],"wp:attached-to":[{"embeddable":true,"post_type":"page","id":3440,"href":"https:\/\/steinerschule.ch\/fr\/wp-json\/wp\/v2\/pages\/3440"}],"curies":[{"name":"wp","href":"https:\/\/api.w.org\/{rel}","templated":true}]}}